{"id":27303,"date":"2024-06-15T16:51:54","date_gmt":"2024-06-15T13:51:54","guid":{"rendered":"https:\/\/msfilmfestival.fi\/wp-content\/uploads\/2024\/06\/24lauantai_pridesusannapesonen_30_53792935678_o.jpg"},"modified":"2024-06-21T00:11:49","modified_gmt":"2024-06-20T21:11:49","slug":"24lauantai_pridesusannapesonen_30_53792935678_o-2","status":"inherit","type":"attachment","link":"https:\/\/msfilmfestival.fi\/en\/24lauantai_pridesusannapesonen_30_53792935678_o-2\/","title":{"rendered":"24lauantai_pridesusannapesonen_30_53792935678_o"},"author":8,"featured_media":0,"comment_status":"closed","ping_status":"closed","template":"","meta":{"_acf_changed":false},"class_list":["post-27303","attachment","type-attachment","status-inherit","hentry"],"acf":[],"yoast_head":"<!-- This site is optimized with the Yoast SEO plugin v26.7 - https:\/\/yoast.com\/wordpress\/plugins\/seo\/ -->\n<title>24lauantai_pridesusannapesonen_30_53792935678_o &#8212; Midnight Sun Film Festival<\/title>\n<meta name=\"robots\" content=\"index, follow, max-snippet:-1, max-image-preview:large, max-video-preview:-1\" \/>\n<link rel=\"canonical\" href=\"https:\/\/msfilmfestival.fi\/wp-content\/uploads\/2024\/06\/24lauantai_pridesusannapesonen_30_53792935678_o.jpg\" \/>\n<meta property=\"og:locale\" content=\"en_US\" \/>\n<meta property=\"og:type\" content=\"article\" \/>\n<meta property=\"og:title\" content=\"24lauantai_pridesusannapesonen_30_53792935678_o &#8212; Midnight Sun Film Festival\" \/>\n<meta property=\"og:description\" content=\"Sodankyl\u00e4n ensimm\u00e4inen Pride-kulkue l\u00e4hti K-marketin pihalta klo 13 lauantaina 15.6.2024. Sateisesta s\u00e4\u00e4st\u00e4 huolimatta ihmisi\u00e4 oli satoja paikalla.  Pohjoisesta l\u00e4ht\u00f6isin oleva kaveriporukka Saara, Henry, Riku ja Mira ovat varustautuneet sadaviitoilla ja pride lipuilla kulkueeseen. Kaikki muut asuvat nyky\u00e4\u00e4n Helsingiss\u00e4 paitsi Sodankyl\u00e4st\u00e4 l\u00e4ht\u00f6isin oleva Mira, joka on muuttanut Ouluun. &quot; Olen ylpe\u00e4, ett\u00e4 kotipaikkakuntani j\u00e4rjest\u00e4\u00e4 pride-kulkueen&quot; Mira kertoo  Kaikki osallistuvat mielell\u00e4\u00e4n pride kulkueisiin eri paikkakunnilla, ollessaan paikalla. T\u00e4ll\u00e4 kertaa osuivat Sodankyl\u00e4\u00e4n festareiden ansiosta. &quot;Ilman festareita ei oltais tultu.&quot; Joukko toteaa.\" \/>\n<meta property=\"og:url\" content=\"https:\/\/msfilmfestival.fi\/wp-content\/uploads\/2024\/06\/24lauantai_pridesusannapesonen_30_53792935678_o.jpg\" \/>\n<meta property=\"og:site_name\" content=\"Midnight Sun Film Festival\" \/>\n<meta property=\"article:publisher\" content=\"https:\/\/www.facebook.com\/MidnightSunFilmFestival\/\" \/>\n<meta property=\"article:modified_time\" content=\"2024-06-20T21:11:49+00:00\" \/>\n<meta property=\"og:image\" content=\"https:\/\/msfilmfestival.fi\/wp-content\/uploads\/2024\/06\/24lauantai_pridesusannapesonen_30_53792935678_o.jpg\" \/>\n\t<meta property=\"og:image:width\" content=\"2500\" \/>\n\t<meta property=\"og:image:height\" content=\"1667\" \/>\n\t<meta property=\"og:image:type\" content=\"image\/jpeg\" \/>\n<meta name=\"twitter:card\" content=\"summary_large_image\" \/>\n<meta name=\"twitter:site\" content=\"@msfilmfest\" \/>\n<script type=\"application\/ld+json\" class=\"yoast-schema-graph\">{\"@context\":\"https:\/\/schema.org\",\"@graph\":[{\"@type\":\"WebPage\",\"@id\":\"https:\/\/msfilmfestival.fi\/wp-content\/uploads\/2024\/06\/24lauantai_pridesusannapesonen_30_53792935678_o.jpg\",\"url\":\"https:\/\/msfilmfestival.fi\/wp-content\/uploads\/2024\/06\/24lauantai_pridesusannapesonen_30_53792935678_o.jpg\",\"name\":\"24lauantai_pridesusannapesonen_30_53792935678_o &#8212; Midnight Sun Film Festival\",\"isPartOf\":{\"@id\":\"https:\/\/msfilmfestival.fi\/#website\"},\"datePublished\":\"2024-06-15T13:51:54+00:00\",\"dateModified\":\"2024-06-20T21:11:49+00:00\",\"breadcrumb\":{\"@id\":\"https:\/\/msfilmfestival.fi\/wp-content\/uploads\/2024\/06\/24lauantai_pridesusannapesonen_30_53792935678_o.jpg#breadcrumb\"},\"inLanguage\":\"en-US\",\"potentialAction\":[{\"@type\":\"ReadAction\",\"target\":[\"https:\/\/msfilmfestival.fi\/wp-content\/uploads\/2024\/06\/24lauantai_pridesusannapesonen_30_53792935678_o.jpg\"]}]},{\"@type\":\"BreadcrumbList\",\"@id\":\"https:\/\/msfilmfestival.fi\/wp-content\/uploads\/2024\/06\/24lauantai_pridesusannapesonen_30_53792935678_o.jpg#breadcrumb\",\"itemListElement\":[{\"@type\":\"ListItem\",\"position\":1,\"name\":\"Etusivu\",\"item\":\"https:\/\/msfilmfestival.fi\/en\/\"},{\"@type\":\"ListItem\",\"position\":2,\"name\":\"24lauantai_pridesusannapesonen_30_53792935678_o\"}]},{\"@type\":\"WebSite\",\"@id\":\"https:\/\/msfilmfestival.fi\/#website\",\"url\":\"https:\/\/msfilmfestival.fi\/\",\"name\":\"Midnight Sun Film Festival\",\"description\":\"Midnight Sun Film Festival - Sodankyl\u00e4n Elokuvajuhlat\",\"publisher\":{\"@id\":\"https:\/\/msfilmfestival.fi\/#organization\"},\"potentialAction\":[{\"@type\":\"SearchAction\",\"target\":{\"@type\":\"EntryPoint\",\"urlTemplate\":\"https:\/\/msfilmfestival.fi\/?s={search_term_string}\"},\"query-input\":{\"@type\":\"PropertyValueSpecification\",\"valueRequired\":true,\"valueName\":\"search_term_string\"}}],\"inLanguage\":\"en-US\"},{\"@type\":\"Organization\",\"@id\":\"https:\/\/msfilmfestival.fi\/#organization\",\"name\":\"Sodankyl\u00e4n elokuvajuhlat\",\"url\":\"https:\/\/msfilmfestival.fi\/\",\"logo\":{\"@type\":\"ImageObject\",\"inLanguage\":\"en-US\",\"@id\":\"https:\/\/msfilmfestival.fi\/#\/schema\/logo\/image\/\",\"url\":\"https:\/\/msfilmfestival.fi\/wp-content\/uploads\/2018\/06\/MSFF-LOGOx2-v2-e1496143012921.png\",\"contentUrl\":\"https:\/\/msfilmfestival.fi\/wp-content\/uploads\/2018\/06\/MSFF-LOGOx2-v2-e1496143012921.png\",\"width\":957,\"height\":77,\"caption\":\"Sodankyl\u00e4n elokuvajuhlat\"},\"image\":{\"@id\":\"https:\/\/msfilmfestival.fi\/#\/schema\/logo\/image\/\"},\"sameAs\":[\"https:\/\/www.facebook.com\/MidnightSunFilmFestival\/\",\"https:\/\/x.com\/msfilmfest\",\"https:\/\/www.instagram.com\/midnightsunfilmfestival\/\"]}]}<\/script>\n<!-- \/ Yoast SEO plugin. -->","yoast_head_json":{"title":"24lauantai_pridesusannapesonen_30_53792935678_o &#8212; Midnight Sun Film Festival","robots":{"index":"index","follow":"follow","max-snippet":"max-snippet:-1","max-image-preview":"max-image-preview:large","max-video-preview":"max-video-preview:-1"},"canonical":"https:\/\/msfilmfestival.fi\/wp-content\/uploads\/2024\/06\/24lauantai_pridesusannapesonen_30_53792935678_o.jpg","og_locale":"en_US","og_type":"article","og_title":"24lauantai_pridesusannapesonen_30_53792935678_o &#8212; Midnight Sun Film Festival","og_description":"Sodankyl\u00e4n ensimm\u00e4inen Pride-kulkue l\u00e4hti K-marketin pihalta klo 13 lauantaina 15.6.2024. Sateisesta s\u00e4\u00e4st\u00e4 huolimatta ihmisi\u00e4 oli satoja paikalla.  Pohjoisesta l\u00e4ht\u00f6isin oleva kaveriporukka Saara, Henry, Riku ja Mira ovat varustautuneet sadaviitoilla ja pride lipuilla kulkueeseen. Kaikki muut asuvat nyky\u00e4\u00e4n Helsingiss\u00e4 paitsi Sodankyl\u00e4st\u00e4 l\u00e4ht\u00f6isin oleva Mira, joka on muuttanut Ouluun. \" Olen ylpe\u00e4, ett\u00e4 kotipaikkakuntani j\u00e4rjest\u00e4\u00e4 pride-kulkueen\" Mira kertoo  Kaikki osallistuvat mielell\u00e4\u00e4n pride kulkueisiin eri paikkakunnilla, ollessaan paikalla. T\u00e4ll\u00e4 kertaa osuivat Sodankyl\u00e4\u00e4n festareiden ansiosta. \"Ilman festareita ei oltais tultu.\" Joukko toteaa.","og_url":"https:\/\/msfilmfestival.fi\/wp-content\/uploads\/2024\/06\/24lauantai_pridesusannapesonen_30_53792935678_o.jpg","og_site_name":"Midnight Sun Film Festival","article_publisher":"https:\/\/www.facebook.com\/MidnightSunFilmFestival\/","article_modified_time":"2024-06-20T21:11:49+00:00","og_image":[{"width":2500,"height":1667,"url":"https:\/\/msfilmfestival.fi\/wp-content\/uploads\/2024\/06\/24lauantai_pridesusannapesonen_30_53792935678_o.jpg","type":"image\/jpeg"}],"twitter_card":"summary_large_image","twitter_site":"@msfilmfest","schema":{"@context":"https:\/\/schema.org","@graph":[{"@type":"WebPage","@id":"https:\/\/msfilmfestival.fi\/wp-content\/uploads\/2024\/06\/24lauantai_pridesusannapesonen_30_53792935678_o.jpg","url":"https:\/\/msfilmfestival.fi\/wp-content\/uploads\/2024\/06\/24lauantai_pridesusannapesonen_30_53792935678_o.jpg","name":"24lauantai_pridesusannapesonen_30_53792935678_o &#8212; Midnight Sun Film Festival","isPartOf":{"@id":"https:\/\/msfilmfestival.fi\/#website"},"datePublished":"2024-06-15T13:51:54+00:00","dateModified":"2024-06-20T21:11:49+00:00","breadcrumb":{"@id":"https:\/\/msfilmfestival.fi\/wp-content\/uploads\/2024\/06\/24lauantai_pridesusannapesonen_30_53792935678_o.jpg#breadcrumb"},"inLanguage":"en-US","potentialAction":[{"@type":"ReadAction","target":["https:\/\/msfilmfestival.fi\/wp-content\/uploads\/2024\/06\/24lauantai_pridesusannapesonen_30_53792935678_o.jpg"]}]},{"@type":"BreadcrumbList","@id":"https:\/\/msfilmfestival.fi\/wp-content\/uploads\/2024\/06\/24lauantai_pridesusannapesonen_30_53792935678_o.jpg#breadcrumb","itemListElement":[{"@type":"ListItem","position":1,"name":"Etusivu","item":"https:\/\/msfilmfestival.fi\/en\/"},{"@type":"ListItem","position":2,"name":"24lauantai_pridesusannapesonen_30_53792935678_o"}]},{"@type":"WebSite","@id":"https:\/\/msfilmfestival.fi\/#website","url":"https:\/\/msfilmfestival.fi\/","name":"Midnight Sun Film Festival","description":"Midnight Sun Film Festival - Sodankyl\u00e4n Elokuvajuhlat","publisher":{"@id":"https:\/\/msfilmfestival.fi\/#organization"},"potentialAction":[{"@type":"SearchAction","target":{"@type":"EntryPoint","urlTemplate":"https:\/\/msfilmfestival.fi\/?s={search_term_string}"},"query-input":{"@type":"PropertyValueSpecification","valueRequired":true,"valueName":"search_term_string"}}],"inLanguage":"en-US"},{"@type":"Organization","@id":"https:\/\/msfilmfestival.fi\/#organization","name":"Sodankyl\u00e4n elokuvajuhlat","url":"https:\/\/msfilmfestival.fi\/","logo":{"@type":"ImageObject","inLanguage":"en-US","@id":"https:\/\/msfilmfestival.fi\/#\/schema\/logo\/image\/","url":"https:\/\/msfilmfestival.fi\/wp-content\/uploads\/2018\/06\/MSFF-LOGOx2-v2-e1496143012921.png","contentUrl":"https:\/\/msfilmfestival.fi\/wp-content\/uploads\/2018\/06\/MSFF-LOGOx2-v2-e1496143012921.png","width":957,"height":77,"caption":"Sodankyl\u00e4n elokuvajuhlat"},"image":{"@id":"https:\/\/msfilmfestival.fi\/#\/schema\/logo\/image\/"},"sameAs":["https:\/\/www.facebook.com\/MidnightSunFilmFestival\/","https:\/\/x.com\/msfilmfest","https:\/\/www.instagram.com\/midnightsunfilmfestival\/"]}]}},"description":{"rendered":"<p class=\"attachment\"><a href='https:\/\/msfilmfestival.fi\/wp-content\/uploads\/2024\/06\/24lauantai_pridesusannapesonen_30_53792935678_o.jpg'><img loading=\"lazy\" decoding=\"async\" width=\"250\" height=\"167\" src=\"https:\/\/msfilmfestival.fi\/wp-content\/uploads\/2024\/06\/24lauantai_pridesusannapesonen_30_53792935678_o-250x167.jpg\" class=\"attachment-medium size-medium\" alt=\"\" srcset=\"https:\/\/msfilmfestival.fi\/wp-content\/uploads\/2024\/06\/24lauantai_pridesusannapesonen_30_53792935678_o-250x167.jpg 250w, https:\/\/msfilmfestival.fi\/wp-content\/uploads\/2024\/06\/24lauantai_pridesusannapesonen_30_53792935678_o-700x467.jpg 700w, https:\/\/msfilmfestival.fi\/wp-content\/uploads\/2024\/06\/24lauantai_pridesusannapesonen_30_53792935678_o-768x512.jpg 768w, https:\/\/msfilmfestival.fi\/wp-content\/uploads\/2024\/06\/24lauantai_pridesusannapesonen_30_53792935678_o-1536x1024.jpg 1536w, https:\/\/msfilmfestival.fi\/wp-content\/uploads\/2024\/06\/24lauantai_pridesusannapesonen_30_53792935678_o-2048x1366.jpg 2048w, https:\/\/msfilmfestival.fi\/wp-content\/uploads\/2024\/06\/24lauantai_pridesusannapesonen_30_53792935678_o-120x80.jpg 120w\" sizes=\"auto, (max-width: 250px) 100vw, 250px\" \/><\/a><\/p>\n"},"caption":{"rendered":"Sodankyl\u00e4n ensimm\u00e4inen Pride-kulkue l\u00e4hti K-marketin pihalta klo 13 lauantaina 15.6.2024. Sateisesta s\u00e4\u00e4st\u00e4 huolimatta ihmisi\u00e4 oli satoja paikalla. \r\r\rPohjoisesta l\u00e4ht\u00f6isin oleva kaveriporukka Saara, Henry, Riku ja Mira ovat varustautuneet sadaviitoilla ja pride lipuilla kulkueeseen. Kaikki muut asuvat nyky\u00e4\u00e4n Helsingiss\u00e4 paitsi Sodankyl\u00e4st\u00e4 l\u00e4ht\u00f6isin oleva Mira, joka on muuttanut Ouluun. &#8221; Olen ylpe\u00e4, ett\u00e4 kotipaikkakuntani j\u00e4rjest\u00e4\u00e4 pride-kulkueen&#8221; Mira kertoo \r\rKaikki osallistuvat mielell\u00e4\u00e4n pride kulkueisiin eri paikkakunnilla, ollessaan paikalla. T\u00e4ll\u00e4 kertaa osuivat Sodankyl\u00e4\u00e4n festareiden ansiosta. &#8220;Ilman festareita ei  oltais tultu.&#8221; Joukko toteaa."},"alt_text":"","media_type":"image","mime_type":"image\/jpeg","media_details":{"width":2500,"height":1667,"file":"2024\/06\/24lauantai_pridesusannapesonen_30_53792935678_o.jpg","filesize":740678,"sizes":{"medium":{"file":"24lauantai_pridesusannapesonen_30_53792935678_o-250x167.jpg","width":250,"height":167,"filesize":71558,"mime_type":"image\/jpeg","source_url":"https:\/\/msfilmfestival.fi\/wp-content\/uploads\/2024\/06\/24lauantai_pridesusannapesonen_30_53792935678_o-250x167.jpg"},"large":{"file":"24lauantai_pridesusannapesonen_30_53792935678_o-700x467.jpg","width":700,"height":467,"filesize":144872,"mime_type":"image\/jpeg","source_url":"https:\/\/msfilmfestival.fi\/wp-content\/uploads\/2024\/06\/24lauantai_pridesusannapesonen_30_53792935678_o-700x467.jpg"},"thumbnail":{"file":"24lauantai_pridesusannapesonen_30_53792935678_o-150x150.jpg","width":150,"height":150,"filesize":64951,"mime_type":"image\/jpeg","source_url":"https:\/\/msfilmfestival.fi\/wp-content\/uploads\/2024\/06\/24lauantai_pridesusannapesonen_30_53792935678_o-150x150.jpg"},"medium_large":{"file":"24lauantai_pridesusannapesonen_30_53792935678_o-768x512.jpg","width":768,"height":512,"filesize":158947,"mime_type":"image\/jpeg","source_url":"https:\/\/msfilmfestival.fi\/wp-content\/uploads\/2024\/06\/24lauantai_pridesusannapesonen_30_53792935678_o-768x512.jpg"},"1536x1536":{"file":"24lauantai_pridesusannapesonen_30_53792935678_o-1536x1024.jpg","width":1536,"height":1024,"filesize":398993,"mime_type":"image\/jpeg","source_url":"https:\/\/msfilmfestival.fi\/wp-content\/uploads\/2024\/06\/24lauantai_pridesusannapesonen_30_53792935678_o-1536x1024.jpg"},"2048x2048":{"file":"24lauantai_pridesusannapesonen_30_53792935678_o-2048x1366.jpg","width":2048,"height":1366,"filesize":611499,"mime_type":"image\/jpeg","source_url":"https:\/\/msfilmfestival.fi\/wp-content\/uploads\/2024\/06\/24lauantai_pridesusannapesonen_30_53792935678_o-2048x1366.jpg"},"thumbnail-large":{"file":"24lauantai_pridesusannapesonen_30_53792935678_o-400x400.jpg","width":400,"height":400,"filesize":100988,"mime_type":"image\/jpeg","source_url":"https:\/\/msfilmfestival.fi\/wp-content\/uploads\/2024\/06\/24lauantai_pridesusannapesonen_30_53792935678_o-400x400.jpg"},"small":{"file":"24lauantai_pridesusannapesonen_30_53792935678_o-120x80.jpg","width":120,"height":80,"filesize":60705,"mime_type":"image\/jpeg","source_url":"https:\/\/msfilmfestival.fi\/wp-content\/uploads\/2024\/06\/24lauantai_pridesusannapesonen_30_53792935678_o-120x80.jpg"},"custom-size":{"file":"24lauantai_pridesusannapesonen_30_53792935678_o-700x200.jpg","width":700,"height":200,"filesize":97516,"mime_type":"image\/jpeg","source_url":"https:\/\/msfilmfestival.fi\/wp-content\/uploads\/2024\/06\/24lauantai_pridesusannapesonen_30_53792935678_o-700x200.jpg"},"full":{"file":"24lauantai_pridesusannapesonen_30_53792935678_o.jpg","width":2500,"height":1667,"mime_type":"image\/jpeg","source_url":"https:\/\/msfilmfestival.fi\/wp-content\/uploads\/2024\/06\/24lauantai_pridesusannapesonen_30_53792935678_o.jpg"}},"image_meta":{"aperture":"8","credit":"Susanna Pesonen","camera":"Canon EOS 5D Mark IV","caption":"Sodankyl\u00e4n ensimm\u00e4inen Pride-kulkue l\u00e4hti K-marketin pihalta klo 13 lauantaina 15.6.2024. Sateisesta s\u00e4\u00e4st\u00e4 huolimatta ihmisi\u00e4 oli satoja paikalla. \r\r\rPohjoisesta l\u00e4ht\u00f6isin oleva kaveriporukka Saara, Henry, Riku ja Mira ovat varustautuneet sadaviitoilla ja pride lipuilla kulkueeseen. Kaikki muut asuvat nyky\u00e4\u00e4n Helsingiss\u00e4 paitsi Sodankyl\u00e4st\u00e4 l\u00e4ht\u00f6isin oleva Mira, joka on muuttanut Ouluun. \" Olen ylpe\u00e4, ett\u00e4 kotipaikkakuntani j\u00e4rjest\u00e4\u00e4 pride-kulkueen\" Mira kertoo \r\rKaikki osallistuvat mielell\u00e4\u00e4n pride kulkueisiin eri paikkakunnilla, ollessaan paikalla. T\u00e4ll\u00e4 kertaa osuivat Sodankyl\u00e4\u00e4n festareiden ansiosta. \"Ilman festareita ei  oltais tultu.\" Joukko toteaa.","created_timestamp":"1718451125","copyright":"Susanna Pesonen","focal_length":"24","iso":"500","shutter_speed":"0.008","title":"","orientation":"0","keywords":["2024","sodis","Sodankyl\u00e4","pride","festivaalit","lgbtqi"]}},"post":null,"source_url":"https:\/\/msfilmfestival.fi\/wp-content\/uploads\/2024\/06\/24lauantai_pridesusannapesonen_30_53792935678_o.jpg","_links":{"self":[{"href":"https:\/\/msfilmfestival.fi\/en\/wp-json\/wp\/v2\/media\/27303","targetHints":{"allow":["GET"]}}],"collection":[{"href":"https:\/\/msfilmfestival.fi\/en\/wp-json\/wp\/v2\/media"}],"about":[{"href":"https:\/\/msfilmfestival.fi\/en\/wp-json\/wp\/v2\/types\/attachment"}],"author":[{"embeddable":true,"href":"https:\/\/msfilmfestival.fi\/en\/wp-json\/wp\/v2\/users\/8"}],"replies":[{"embeddable":true,"href":"https:\/\/msfilmfestival.fi\/en\/wp-json\/wp\/v2\/comments?post=27303"}]}}